{"id":7583,"date":"2026-09-03T21:53:21","date_gmt":"2026-09-03T19:53:21","guid":{"rendered":"https:\/\/amb.hu\/nagykovetek\/"},"modified":"2026-09-03T21:53:21","modified_gmt":"2026-09-03T19:53:21","slug":"nagykovetek","status":"publish","type":"page","link":"https:\/\/amb.hu\/hu\/nagykovetek\/","title":{"rendered":"Nagyk\u00f6vetek"},"content":{"rendered":"<style>.amb-wrap{max-width:1000px;margin:0 auto 24px;color:#111;font-size:14px;line-height:1.7}.amb-lead{font-size:15px;margin:0 0 6px}.amb-member{display:flex;gap:32px;align-items:flex-start;padding:34px 0;border-top:1px solid #e6e6e6}.amb-member.first{border-top:none;padding-top:10px}.amb-photo{flex:0 0 220px;max-width:220px}.amb-photo img{width:100%;height:auto;display:block}.amb-info{flex:1;min-width:0}.amb-name{font-weight:700;font-size:17px;letter-spacing:.02em;text-transform:uppercase;margin:0 0 2px}.amb-role{font-style:italic;color:#555;margin:0 0 16px}.amb-info p{margin:0 0 12px}@media(max-width:767px){.amb-member{flex-direction:column;gap:16px;padding:26px 0}.amb-photo{flex:0 0 auto;max-width:250px;margin:0 auto}}<\/style><div class=\"amb-wrap\"><p class=\"amb-lead\">2026-ban az Art Market Budapest nagyk\u00f6veteik\u00e9nt ismert \u00e9s j\u00f3 okkal n\u00e9pszer\u0171 kultur\u00e1lis szem\u00e9lyis\u00e9gek csatlakoztak csapatunkhoz. Szeretettel mutatjuk be \u0151ket.<\/p><div class=\"amb-member first\"><div class=\"amb-photo\"><img decoding=\"async\" src=\"https:\/\/amb.hu\/wp-content\/uploads\/2026\/09\/kadar-gellert.jpg\" alt=\"K\u00c1D\u00c1R L. Gell\u00e9rt\"><\/div><div class=\"amb-info\"><p class=\"amb-name\">K\u00c1D\u00c1R L. Gell\u00e9rt<\/p><p class=\"amb-role\">sz\u00edn\u00e9sz<\/p><p>Gell\u00e9rt a filmvil\u00e1g felemelked\u0151 \u00faj csillaga, a nagyszab\u00e1s\u00fa k\u00f6z\u00e9p-eur\u00f3pai koprodukci\u00f3ban k\u00e9sz\u00fclt Hunyadi (Rise of the Raven) t\u00f6rt\u00e9nelmi filmsorozat f\u0151szerepl\u0151jek\u00e9nt robbant be a k\u00f6ztudatba. Nemzetk\u00f6zi ismerts\u00e9g\u00e9hez az Yves Saint Laurent felk\u00e9r\u00e9se j\u00e1rult jelent\u0151sen hozz\u00e1, amikor a neves divatm\u00e1rka \u0151t v\u00e1lasztotta MYSLF f\u00e9rfiparf\u00fcmj\u00e9nek rekl\u00e1marcak\u00e9nt. Gell\u00e9rt Erd\u00e9lyben sz\u00fcletett, \u00e9lete \u00e9s sz\u00ednpadi karrierje is Erd\u00e9lyhez k\u00f6t\u00f6tte, a Marosv\u00e1s\u00e1rhelyi Nemzeti Sz\u00ednh\u00e1zban klasszikus \u00e9s kort\u00e1rs darabokban egyar\u00e1nt szerepet v\u00e1llalt, n\u00e9h\u00e1ny \u00e9vvel ezel\u0151tt a Hunyadi forgat\u00e1sa kapcs\u00e1n k\u00f6lt\u00f6z\u00f6tt Budapestre. Munk\u00e1j\u00e1t a szerepek ir\u00e1nti elk\u00f6telezetts\u00e9g, az alapos felk\u00e9sz\u00fcl\u00e9s \u00e9s az er\u0151teljes, m\u00e9gis \u00e9rz\u00e9keny sz\u00edn\u00e9szi jelenl\u00e9t hat\u00e1rozza meg.<\/p><p>Szem\u00e9ly\u00e9ben Nagyk\u00f6vetk\u00e9nt igazi k\u00f6z\u00e9p-eur\u00f3pai m\u0171v\u00e9sz csatlakozott csapatunkhoz, olyan fiatal, sokoldal\u00fa, m\u0171fajok k\u00f6z\u00f6tt k\u00f6zlekedni k\u00e9pes szem\u00e9lyis\u00e9g, akinek hat\u00e1rokon \u00e1t\u00edvel\u0151 karrierje, nemzeti kisebbs\u00e9gi gy\u00f6kerei, sz\u00ednh\u00e1zi h\u00e1ttere, eddigi filmes p\u00e1ly\u00e1ja organikusan kapcsolja \u00f6ssze a r\u00e9gi\u00f3 gazdag t\u00f6rt\u00e9nelm\u00e9t, kultur\u00e1lis hagyom\u00e1nyait a kort\u00e1rs vizu\u00e1lis kult\u00far\u00e1val.<\/p><\/div><\/div><div class=\"amb-member\"><div class=\"amb-photo\"><img decoding=\"async\" src=\"https:\/\/amb.hu\/wp-content\/uploads\/2026\/09\/nagyhazi-lorinc.jpg\" alt=\"NAGYH\u00c1ZI L\u0151rinc\"><\/div><div class=\"amb-info\"><p class=\"amb-name\">NAGYH\u00c1ZI L\u0151rinc<\/p><p class=\"amb-role\">m\u0171kereskedelmi szakember, gal\u00e9riatulajdonos, \u201ekincsvad\u00e1sz\u201d<\/p><p>A Nagyh\u00e1zi n\u00e9vnek \u00e9vsz\u00e1zados t\u00f6rt\u00e9nete van a m\u0171kereskedelemben, amely t\u00f6rt\u00e9netben L\u0151rinc a harmadik gener\u00e1ci\u00f3 k\u00e9pvisel\u0151jek\u00e9nt \u00faj fejezetet nyitott a Nagyh\u00e1zi Contemporary gal\u00e9ria megalap\u00edt\u00e1s\u00e1val 2020-ban. Mer\u00e9sz, v\u00e1llalkoz\u00f3kedv\u0171, az \u00fajdons\u00e1gra nyitott, felmen\u0151ihez hasonl\u00f3an k\u00fcl\u00f6nleges \u00e9rz\u00e9k\u0171 szakember, nem v\u00e9letlen, hogy a rendk\u00edv\u00fcl n\u00e9pszer\u0171, k\u00f6zel milli\u00f3s n\u00e9zetts\u00e9g\u0171 \u201eKincsvad\u00e1szok\u201d c\u00edm\u0171 telev\u00edzi\u00f3s m\u0171sorba is \u0151t szemelt\u00e9k ki szak\u00e9rt\u0151nek. Gal\u00e9ri\u00e1ja figyelm\u00e9t sikeresen \u00f6sszpontos\u00edtja p\u00e1lyakezd\u0151 m\u0171v\u00e9szek bevezet\u00e9s\u00e9re \u00e9s a kort\u00e1rs k\u00e9pz\u0151m\u0171v\u00e9szet v\u00e1s\u00e1rl\u00f3k\u00f6z\u00f6ns\u00e9g\u00e9nek sz\u00e9les\u00edt\u00e9s\u00e9re. Friss, b\u00e1tor m\u0171v\u00e9szeti portf\u00f3li\u00f3j\u00e1val \u00e9s fiatal, gyorsan b\u0151v\u00fcl\u0151 gy\u0171jt\u0151i k\u00f6r\u00e9vel a Nagyh\u00e1zi Contemporary alap\u00edt\u00e1sa \u00f3ta L\u0151rinc az Art Market Budapest egyik legizgalmasabb ki\u00e1ll\u00edt\u00f3ja.<\/p><p>Nagyk\u00f6vetk\u00e9nt t\u00f6k\u00e9letesen megtestes\u00edti az Art Market Budapest n\u00e9h\u00e1ny alapvet\u0151 t\u00f6rekv\u00e9s\u00e9t, a m\u0171v\u00e9szeti hagyom\u00e1nyok tisztelete mellett a min\u0151s\u00e9g melletti elk\u00f6telezetts\u00e9get, az eddig ismeretlen alkot\u00f3i munk\u00e1ss\u00e1gok bemutat\u00e1s\u00e1ra \u00e9s a fiatal m\u0171v\u00e9szgener\u00e1ci\u00f3 t\u00e1mogat\u00e1s\u00e1ra val\u00f3 nyitotts\u00e1got, a sz\u00e9les k\u00f6z\u00f6ns\u00e9g bevon\u00e1s\u00e1t a k\u00e9pz\u0151m\u0171v\u00e9szet \u00e9lvezet\u00e9be. Egy\u00e9bk\u00e9nt is gyakran halljuk, hogy hazai \u00e9s k\u00fclf\u00f6ldi vend\u00e9geink kifejezetten kincsekre vad\u00e1szni j\u00e1rnak a v\u00e1s\u00e1runkra. Lehet-e alkalmasabb nagyk\u00f6vete az Art Market Budapestnek egy val\u00f3di \u201ekincsvad\u00e1szn\u00e1l\u201d?<\/p><\/div><\/div><div class=\"amb-member\"><div class=\"amb-photo\"><img decoding=\"async\" src=\"https:\/\/amb.hu\/wp-content\/uploads\/2026\/09\/peterfy-bori.jpg\" alt=\"P\u00c9TERFY Bori\"><\/div><div class=\"amb-info\"><p class=\"amb-name\">P\u00c9TERFY Bori<\/p><p class=\"amb-role\">sz\u00edn\u00e9sz, el\u0151ad\u00f3m\u0171v\u00e9sz, \u00e9nekes<\/p><p>Bori \u00e9vtizedek \u00f3ta meghat\u00e1roz\u00f3 \u00e9s \u00f6sszet\u00e9veszthetetlen alakja kultur\u00e1lis \u00e9let\u00fcnknek. A f\u00fcggetlen sz\u00ednh\u00e1zi vil\u00e1gt\u00f3l a nagysz\u00ednpadi produkci\u00f3kig, a pr\u00f3zai szerepekt\u0151l a P\u00e9terfy Bori &amp; Love Band koncertekig folyamatos mozg\u00e1sban van, sz\u00e9les m\u0171faji v\u00e1laszt\u00e9kkal sz\u00f3l\u00edtja meg \u00e9s var\u00e1zsolja el a k\u00f6z\u00f6ns\u00e9get. Munk\u00e1ss\u00e1g\u00e1t az egy\u00e9ni hang, a szabads\u00e1g \u00e9s a m\u0171v\u00e9szi k\u00edv\u00e1ncsis\u00e1g hat\u00e1rozza meg.<\/p><p>Szem\u00e9ly\u00e9ben Nagyk\u00f6vetk\u00e9nt olyan szem\u00e9lyis\u00e9g csatlakozott csapatunkhoz, aki a kort\u00e1rs k\u00e9pz\u0151m\u0171v\u00e9szetet azokhoz is k\u00f6zelebb hozza, akik eddig els\u0151sorban a sz\u00ednh\u00e1zon vagy a zen\u00e9n kereszt\u00fcl kapcsol\u00f3dtak a kult\u00far\u00e1hoz. Bori az Art Market Budapest elk\u00f6telezett l\u00e1togat\u00f3ja \u00e9s rajong\u00f3ja, a kort\u00e1rs k\u00e9pz\u0151m\u0171v\u00e9szet szerelmese, jelenl\u00e9te l\u00e1tv\u00e1nyosan teszi k\u00e9zzelfoghat\u00f3v\u00e1 az Art Market Budapest t\u00f6rekv\u00e9s\u00e9t arra, hogy a k\u00fcl\u00f6nb\u00f6z\u0151 m\u0171v\u00e9szeti ter\u00fcletek \u00e9s azok k\u00f6z\u00f6ns\u00e9g\u00e9nek tal\u00e1lkoz\u00e1si pontjak\u00e9nt szolg\u00e1ljon, Borival egy\u00fctt hisz\u00fcnk a kult\u00fara k\u00f6z\u00f6ss\u00e9gteremt\u0151 erej\u00e9ben.<\/p><\/div><\/div><div class=\"amb-member\"><div class=\"amb-photo\"><img decoding=\"async\" src=\"https:\/\/amb.hu\/wp-content\/uploads\/2026\/09\/tombor-zoltan.jpg\" alt=\"TOMBOR Zolt\u00e1n\"><\/div><div class=\"amb-info\"><p class=\"amb-name\">TOMBOR Zolt\u00e1n<\/p><p class=\"amb-role\">fot\u00f3m\u0171v\u00e9sz<\/p><p>Zolt\u00e1n Budapestr\u0151l indult, \u00e9s n\u00e9h\u00e1ny \u00e9ve ide t\u00e9rt haza, k\u00f6zben pedig Mil\u00e1n\u00f3ban, majd New Yorkban \u00e9p\u00edtett fel egyed\u00fcl\u00e1ll\u00f3 nemzetk\u00f6zi karriert divatfotogr\u00e1fusk\u00e9nt, portr\u00e9fot\u00f3sk\u00e9nt \u00e9s auton\u00f3m fot\u00f3m\u0171v\u00e9szk\u00e9nt. Dolgozott a Vogue, a The Sunday Times, a Harper\u2019s Bazaar \u00e9s a TIME magazin felk\u00e9r\u00e9s\u00e9re, modellt \u00e1llt neki t\u00f6bbek k\u00f6z\u00f6tt Alicia Keys, Sophie Marceau \u00e9s Eddie Murphy, a New Yorkban t\u00f6lt\u00f6tt \u00e9vek alatt olyan vil\u00e1gm\u00e1rk\u00e1kkal m\u0171k\u00f6d\u00f6tt egy\u00fctt, mint a Donna Karan (DKNY), a L\u2019Or\u00e9al, a Net-a-Porter vagy a La Perla. K\u00fcl\u00f6nleges, jellegzetes vizu\u00e1lis vil\u00e1g\u00e1b\u00f3l \u00e9s alkot\u00f3i \u00e9rz\u00e9kenys\u00e9g\u00e9b\u0151l nemr\u00e9giben a Capa K\u00f6zpontban bemutatott \u201eLost &amp; Found\u201d c\u00edm\u0171 nagyszab\u00e1s\u00fa ki\u00e1ll\u00edt\u00e1son kapott \u00edzel\u00edt\u0151t a hazai k\u00f6z\u00f6ns\u00e9g.<\/p><p>Zolt\u00e1n az International Center of Photography \u00e9s a Professional Photographers of America tagja. Szem\u00e9ly\u00e9ben olyan nemzetk\u00f6zi l\u00e1t\u00e1sm\u00f3d, az alkalmazott fotogr\u00e1fia \u00e9s a f\u00fcggetlen fot\u00f3m\u0171v\u00e9szet k\u00f6z\u00f6tti \u00e1tj\u00e1r\u00e1s k\u00fcl\u00f6nleges k\u00e9pess\u00e9ge \u00e9s magas szint\u0171 alkot\u00f3i tud\u00e1s \u00f6sszpontosul, ami kiemelked\u0151en alkalmass\u00e1 teszi arra, hogy az Art Market Budapest csapat\u00e1nak tagjak\u00e9nt j\u00e1ruljon hozz\u00e1 a kort\u00e1rs alkot\u00f3m\u0171v\u00e9szet \u00e9s a fotogr\u00e1fia n\u00e9pszer\u0171s\u00edt\u00e9s\u00e9hez, a magyar fot\u00f3m\u0171v\u00e9szet hagyom\u00e1nyainak \u00e9letben tart\u00e1s\u00e1hoz.<\/p><\/div><\/div><div class=\"amb-member\"><div class=\"amb-photo\"><img decoding=\"async\" src=\"https:\/\/amb.hu\/wp-content\/uploads\/2026\/09\/trokan-nora.jpg\" alt=\"TROK\u00c1N N\u00f3ra\"><\/div><div class=\"amb-info\"><p class=\"amb-name\">TROK\u00c1N N\u00f3ra<\/p><p class=\"amb-role\">sz\u00edn\u00e9sz \u00e9s fotogr\u00e1fus<\/p><p>N\u00f3ra sokak sz\u00e1m\u00e1ra j\u00f3l ismert sz\u00ednpadi \u00e9s filmes munk\u00e1i mellett az elm\u00falt \u00e9vek alatt fotogr\u00e1fusk\u00e9nt is jelent\u0151s portf\u00f3li\u00f3t \u00e9p\u00edtett fel. Mint vizu\u00e1lis alkot\u00f3t emberi \u00e9s term\u00e9szeti k\u00f6rnyezet\u00fcnk egyar\u00e1nt foglalkoztatja, Miel\u0151tt c\u00edm\u0171 fot\u00f3sorozat\u00e1ban p\u00e9ld\u00e1ul t\u00f6bb mint 140 sz\u00edn\u00e9szkoll\u00e9g\u00e1j\u00e1t \u00f6r\u00f6k\u00edtette meg a sz\u00ednpadra l\u00e9p\u00e9st megel\u0151z\u0151 k\u00fcl\u00f6nleges, intim pillanatokban. A projektb\u0151l \u00f6n\u00e1ll\u00f3 ki\u00e1ll\u00edt\u00e1s \u00e9s l\u00e1tv\u00e1nyos album is sz\u00fcletett. Fot\u00f3s munk\u00e1ira, csak\u00fagy, mint sz\u00edn\u00e9szi alak\u00edt\u00e1saira a k\u00fcl\u00f6nleges \u00e9rz\u00e9kenys\u00e9g, az intimit\u00e1sra \u00e9s r\u00e9szletekre ir\u00e1nyul\u00f3 fokozott figyelem, a helyzetek \u00e9s szerepl\u0151k m\u00f6g\u00f6tt rejl\u0151 \u00e9rzelmek k\u00f6z\u00e9ppontba helyez\u00e9se jellemz\u0151.<\/p><p>Nagyk\u00f6vetk\u00e9nt N\u00f3ra saj\u00e1t karakter\u00e9t \u00e9s l\u00e1t\u00e1sm\u00f3dj\u00e1t mindk\u00e9t ter\u00fcletre hasonl\u00f3k\u00e9ppen kivet\u00edtve kapcsolja \u00f6ssze az el\u0151ad\u00f3m\u0171v\u00e9szet \u00e9s a vizu\u00e1lis m\u0171v\u00e9szet vil\u00e1g\u00e1t, \u00e9s ebb\u0151l a kett\u0151s alkot\u00f3i megk\u00f6zel\u00edt\u00e9sb\u0151l k\u00fcl\u00f6n\u00f6sen izgalmas \u00f6sszef\u00fcgg\u00e9sek fakadnak. Az Art Market Budapest meggy\u0151z\u0151d\u00e9se, hogy a t\u00e1rsm\u0171v\u00e9szetek k\u00f6z\u00f6tti \u00e1tj\u00e1r\u00e1snak a m\u0171v\u00e9szeti \u00e1gakat \u00e9s a sz\u00e9lesebb kultur\u00e1lis k\u00f6zeget gazdag\u00edt\u00f3 hat\u00e1sa van, amire Nagyk\u00f6vet\u00fcnk alkot\u00f3tev\u00e9kenys\u00e9ge kiemelked\u0151en j\u00f3 p\u00e9lda.<\/p><\/div><\/div><\/div>","protected":false},"excerpt":{"rendered":"<p>2026-ban az Art Market Budapest nagyk\u00f6veteik\u00e9nt ismert \u00e9s j\u00f3 okkal n\u00e9pszer\u0171 kultur\u00e1lis szem\u00e9lyis\u00e9gek csatlakoztak csapatunkhoz. Szeretettel mutatjuk be \u0151ket. K\u00c1D\u00c1R L. Gell\u00e9rt sz\u00edn\u00e9sz Gell\u00e9rt a filmvil\u00e1g felemelked\u0151 \u00faj csillaga, a nagyszab\u00e1s\u00fa k\u00f6z\u00e9p-eur\u00f3pai koprodukci\u00f3ban k\u00e9sz\u00fclt Hunyadi (Rise of the Raven) t\u00f6rt\u00e9nelmi filmsorozat f\u0151szerepl\u0151jek\u00e9nt robbant be a k\u00f6ztudatba. Nemzetk\u00f6zi ismerts\u00e9g\u00e9hez az Yves Saint Laurent felk\u00e9r\u00e9se j\u00e1rult jelent\u0151sen [&hellip;]<\/p>\n","protected":false},"author":6,"featured_media":0,"parent":0,"menu_order":0,"comment_status":"closed","ping_status":"closed","template":"","meta":{"_monsterinsights_skip_tracking":false,"footnotes":""},"class_list":["post-7583","page","type-page","status-publish","hentry"],"yoast_head":"<!-- This site is optimized with the Yoast SEO plugin v28.3 - https:\/\/yoast.com\/product\/yoast-seo-wordpress\/ -->\n<title>Nagyk\u00f6vetek - Art Market Budapest<\/title>\n<meta name=\"robots\" content=\"index, follow, max-snippet:-1, max-image-preview:large, max-video-preview:-1\" \/>\n<link rel=\"canonical\" href=\"https:\/\/amb.hu\/hu\/nagykovetek\/\" \/>\n<meta property=\"og:locale\" content=\"hu_HU\" \/>\n<meta property=\"og:type\" content=\"article\" \/>\n<meta property=\"og:title\" content=\"Nagyk\u00f6vetek - Art Market Budapest\" \/>\n<meta property=\"og:description\" content=\"2026-ban az Art Market Budapest nagyk\u00f6veteik\u00e9nt ismert \u00e9s j\u00f3 okkal n\u00e9pszer\u0171 kultur\u00e1lis szem\u00e9lyis\u00e9gek csatlakoztak csapatunkhoz. Szeretettel mutatjuk be \u0151ket. K\u00c1D\u00c1R L. Gell\u00e9rt sz\u00edn\u00e9sz Gell\u00e9rt a filmvil\u00e1g felemelked\u0151 \u00faj csillaga, a nagyszab\u00e1s\u00fa k\u00f6z\u00e9p-eur\u00f3pai koprodukci\u00f3ban k\u00e9sz\u00fclt Hunyadi (Rise of the Raven) t\u00f6rt\u00e9nelmi filmsorozat f\u0151szerepl\u0151jek\u00e9nt robbant be a k\u00f6ztudatba. Nemzetk\u00f6zi ismerts\u00e9g\u00e9hez az Yves Saint Laurent felk\u00e9r\u00e9se j\u00e1rult jelent\u0151sen [&hellip;]\" \/>\n<meta property=\"og:url\" content=\"https:\/\/amb.hu\/hu\/nagykovetek\/\" \/>\n<meta property=\"og:site_name\" content=\"Art Market Budapest\" \/>\n<meta property=\"article:publisher\" content=\"https:\/\/www.facebook.com\/ArtMarketBudapest\/\" \/>\n<meta property=\"og:image\" content=\"https:\/\/amb.hu\/wp-content\/uploads\/2026\/09\/kadar-gellert.jpg\" \/>\n<meta name=\"twitter:card\" content=\"summary_large_image\" \/>\n<meta name=\"twitter:label1\" content=\"Becs\u00fclt olvas\u00e1si id\u0151\" \/>\n\t<meta name=\"twitter:data1\" content=\"7 perc\" \/>\n<script type=\"application\/ld+json\" class=\"yoast-schema-graph\">{\"@context\":\"https:\\\/\\\/schema.org\",\"@graph\":[{\"@type\":\"WebPage\",\"@id\":\"https:\\\/\\\/amb.hu\\\/hu\\\/nagykovetek\\\/\",\"url\":\"https:\\\/\\\/amb.hu\\\/hu\\\/nagykovetek\\\/\",\"name\":\"Nagyk\u00f6vetek - Art Market Budapest\",\"isPartOf\":{\"@id\":\"https:\\\/\\\/amb.hu\\\/hu\\\/#website\"},\"primaryImageOfPage\":{\"@id\":\"https:\\\/\\\/amb.hu\\\/hu\\\/nagykovetek\\\/#primaryimage\"},\"image\":{\"@id\":\"https:\\\/\\\/amb.hu\\\/hu\\\/nagykovetek\\\/#primaryimage\"},\"thumbnailUrl\":\"https:\\\/\\\/amb.hu\\\/wp-content\\\/uploads\\\/2026\\\/09\\\/kadar-gellert.jpg\",\"datePublished\":\"2026-09-03T19:53:21+00:00\",\"breadcrumb\":{\"@id\":\"https:\\\/\\\/amb.hu\\\/hu\\\/nagykovetek\\\/#breadcrumb\"},\"inLanguage\":\"hu\",\"potentialAction\":[{\"@type\":\"ReadAction\",\"target\":[\"https:\\\/\\\/amb.hu\\\/hu\\\/nagykovetek\\\/\"]}]},{\"@type\":\"ImageObject\",\"inLanguage\":\"hu\",\"@id\":\"https:\\\/\\\/amb.hu\\\/hu\\\/nagykovetek\\\/#primaryimage\",\"url\":\"https:\\\/\\\/amb.hu\\\/wp-content\\\/uploads\\\/2026\\\/09\\\/kadar-gellert.jpg\",\"contentUrl\":\"https:\\\/\\\/amb.hu\\\/wp-content\\\/uploads\\\/2026\\\/09\\\/kadar-gellert.jpg\"},{\"@type\":\"BreadcrumbList\",\"@id\":\"https:\\\/\\\/amb.hu\\\/hu\\\/nagykovetek\\\/#breadcrumb\",\"itemListElement\":[{\"@type\":\"ListItem\",\"position\":1,\"name\":\"Kezd\u0151lap\",\"item\":\"https:\\\/\\\/amb.hu\\\/hu\\\/\"},{\"@type\":\"ListItem\",\"position\":2,\"name\":\"Nagyk\u00f6vetek\"}]},{\"@type\":\"WebSite\",\"@id\":\"https:\\\/\\\/amb.hu\\\/hu\\\/#website\",\"url\":\"https:\\\/\\\/amb.hu\\\/hu\\\/\",\"name\":\"Art Market Budapest\",\"description\":\"International Contemporary Art Fair\",\"publisher\":{\"@id\":\"https:\\\/\\\/amb.hu\\\/hu\\\/#organization\"},\"potentialAction\":[{\"@type\":\"SearchAction\",\"target\":{\"@type\":\"EntryPoint\",\"urlTemplate\":\"https:\\\/\\\/amb.hu\\\/hu\\\/?s={search_term_string}\"},\"query-input\":{\"@type\":\"PropertyValueSpecification\",\"valueRequired\":true,\"valueName\":\"search_term_string\"}}],\"inLanguage\":\"hu\"},{\"@type\":\"Organization\",\"@id\":\"https:\\\/\\\/amb.hu\\\/hu\\\/#organization\",\"name\":\"Art Market Budapest\",\"url\":\"https:\\\/\\\/amb.hu\\\/hu\\\/\",\"logo\":{\"@type\":\"ImageObject\",\"inLanguage\":\"hu\",\"@id\":\"https:\\\/\\\/amb.hu\\\/hu\\\/#\\\/schema\\\/logo\\\/image\\\/\",\"url\":\"https:\\\/\\\/amb.hu\\\/wp-content\\\/uploads\\\/2022\\\/08\\\/logo-art-market-budapest.svg\",\"contentUrl\":\"https:\\\/\\\/amb.hu\\\/wp-content\\\/uploads\\\/2022\\\/08\\\/logo-art-market-budapest.svg\",\"width\":159,\"height\":63,\"caption\":\"Art Market Budapest\"},\"image\":{\"@id\":\"https:\\\/\\\/amb.hu\\\/hu\\\/#\\\/schema\\\/logo\\\/image\\\/\"},\"sameAs\":[\"https:\\\/\\\/www.facebook.com\\\/ArtMarketBudapest\\\/\",\"https:\\\/\\\/www.instagram.com\\\/artmarketbudapest\\\/\"]}]}<\/script>\n<!-- \/ Yoast SEO plugin. -->","yoast_head_json":{"title":"Nagyk\u00f6vetek - Art Market Budapest","robots":{"index":"index","follow":"follow","max-snippet":"max-snippet:-1","max-image-preview":"max-image-preview:large","max-video-preview":"max-video-preview:-1"},"canonical":"https:\/\/amb.hu\/hu\/nagykovetek\/","og_locale":"hu_HU","og_type":"article","og_title":"Nagyk\u00f6vetek - Art Market Budapest","og_description":"2026-ban az Art Market Budapest nagyk\u00f6veteik\u00e9nt ismert \u00e9s j\u00f3 okkal n\u00e9pszer\u0171 kultur\u00e1lis szem\u00e9lyis\u00e9gek csatlakoztak csapatunkhoz. Szeretettel mutatjuk be \u0151ket. K\u00c1D\u00c1R L. Gell\u00e9rt sz\u00edn\u00e9sz Gell\u00e9rt a filmvil\u00e1g felemelked\u0151 \u00faj csillaga, a nagyszab\u00e1s\u00fa k\u00f6z\u00e9p-eur\u00f3pai koprodukci\u00f3ban k\u00e9sz\u00fclt Hunyadi (Rise of the Raven) t\u00f6rt\u00e9nelmi filmsorozat f\u0151szerepl\u0151jek\u00e9nt robbant be a k\u00f6ztudatba. Nemzetk\u00f6zi ismerts\u00e9g\u00e9hez az Yves Saint Laurent felk\u00e9r\u00e9se j\u00e1rult jelent\u0151sen [&hellip;]","og_url":"https:\/\/amb.hu\/hu\/nagykovetek\/","og_site_name":"Art Market Budapest","article_publisher":"https:\/\/www.facebook.com\/ArtMarketBudapest\/","og_image":[{"url":"https:\/\/amb.hu\/wp-content\/uploads\/2026\/09\/kadar-gellert.jpg","type":"","width":"","height":""}],"twitter_card":"summary_large_image","twitter_misc":{"Becs\u00fclt olvas\u00e1si id\u0151":"7 perc"},"schema":{"@context":"https:\/\/schema.org","@graph":[{"@type":"WebPage","@id":"https:\/\/amb.hu\/hu\/nagykovetek\/","url":"https:\/\/amb.hu\/hu\/nagykovetek\/","name":"Nagyk\u00f6vetek - Art Market Budapest","isPartOf":{"@id":"https:\/\/amb.hu\/hu\/#website"},"primaryImageOfPage":{"@id":"https:\/\/amb.hu\/hu\/nagykovetek\/#primaryimage"},"image":{"@id":"https:\/\/amb.hu\/hu\/nagykovetek\/#primaryimage"},"thumbnailUrl":"https:\/\/amb.hu\/wp-content\/uploads\/2026\/09\/kadar-gellert.jpg","datePublished":"2026-09-03T19:53:21+00:00","breadcrumb":{"@id":"https:\/\/amb.hu\/hu\/nagykovetek\/#breadcrumb"},"inLanguage":"hu","potentialAction":[{"@type":"ReadAction","target":["https:\/\/amb.hu\/hu\/nagykovetek\/"]}]},{"@type":"ImageObject","inLanguage":"hu","@id":"https:\/\/amb.hu\/hu\/nagykovetek\/#primaryimage","url":"https:\/\/amb.hu\/wp-content\/uploads\/2026\/09\/kadar-gellert.jpg","contentUrl":"https:\/\/amb.hu\/wp-content\/uploads\/2026\/09\/kadar-gellert.jpg"},{"@type":"BreadcrumbList","@id":"https:\/\/amb.hu\/hu\/nagykovetek\/#breadcrumb","itemListElement":[{"@type":"ListItem","position":1,"name":"Kezd\u0151lap","item":"https:\/\/amb.hu\/hu\/"},{"@type":"ListItem","position":2,"name":"Nagyk\u00f6vetek"}]},{"@type":"WebSite","@id":"https:\/\/amb.hu\/hu\/#website","url":"https:\/\/amb.hu\/hu\/","name":"Art Market Budapest","description":"International Contemporary Art Fair","publisher":{"@id":"https:\/\/amb.hu\/hu\/#organization"},"potentialAction":[{"@type":"SearchAction","target":{"@type":"EntryPoint","urlTemplate":"https:\/\/amb.hu\/hu\/?s={search_term_string}"},"query-input":{"@type":"PropertyValueSpecification","valueRequired":true,"valueName":"search_term_string"}}],"inLanguage":"hu"},{"@type":"Organization","@id":"https:\/\/amb.hu\/hu\/#organization","name":"Art Market Budapest","url":"https:\/\/amb.hu\/hu\/","logo":{"@type":"ImageObject","inLanguage":"hu","@id":"https:\/\/amb.hu\/hu\/#\/schema\/logo\/image\/","url":"https:\/\/amb.hu\/wp-content\/uploads\/2022\/08\/logo-art-market-budapest.svg","contentUrl":"https:\/\/amb.hu\/wp-content\/uploads\/2022\/08\/logo-art-market-budapest.svg","width":159,"height":63,"caption":"Art Market Budapest"},"image":{"@id":"https:\/\/amb.hu\/hu\/#\/schema\/logo\/image\/"},"sameAs":["https:\/\/www.facebook.com\/ArtMarketBudapest\/","https:\/\/www.instagram.com\/artmarketbudapest\/"]}]}},"_links":{"self":[{"href":"https:\/\/amb.hu\/hu\/wp-json\/wp\/v2\/pages\/7583","targetHints":{"allow":["GET"]}}],"collection":[{"href":"https:\/\/amb.hu\/hu\/wp-json\/wp\/v2\/pages"}],"about":[{"href":"https:\/\/amb.hu\/hu\/wp-json\/wp\/v2\/types\/page"}],"author":[{"embeddable":true,"href":"https:\/\/amb.hu\/hu\/wp-json\/wp\/v2\/users\/6"}],"replies":[{"embeddable":true,"href":"https:\/\/amb.hu\/hu\/wp-json\/wp\/v2\/comments?post=7583"}],"version-history":[{"count":0,"href":"https:\/\/amb.hu\/hu\/wp-json\/wp\/v2\/pages\/7583\/revisions"}],"wp:attachment":[{"href":"https:\/\/amb.hu\/hu\/wp-json\/wp\/v2\/media?parent=7583"}],"curies":[{"name":"wp","href":"https:\/\/api.w.org\/{rel}","templated":true}]}}